{"id":498,"date":"2021-10-08T10:03:22","date_gmt":"2021-10-08T08:03:22","guid":{"rendered":"https:\/\/www.rauhes.de\/cms\/?page_id=498"},"modified":"2023-11-16T09:08:59","modified_gmt":"2023-11-16T08:08:59","slug":"trauer","status":"publish","type":"page","link":"https:\/\/www.rauhes.de\/cms\/trauer\/","title":{"rendered":"Trauer"},"content":{"rendered":"\n<h1 class=\"wp-block-heading\">Trauer: Das hilft bei der Trauerbew\u00e4ltigung<\/h1>\n\n\n\n<div class=\"wp-block-columns is-layout-flex wp-container-core-columns-is-layout-9d6595d7 wp-block-columns-is-layout-flex\">\n<div class=\"wp-block-column is-layout-flow wp-block-column-is-layout-flow\">\n<p>Der Tod und die damit verbundene <a href=\"https:\/\/www.rauhes.de\/feierliche-anlaesse\/trauer\/\">Trauer<\/a> ist Teil unseres Daseins. Dennoch hinterl\u00e4sst der Verlust eines geliebten Menschen eine schmerzliche L\u00fccke in unserem Leben, welche wir erst einmal verarbeiten m\u00fcssen. Die Trauer selbst kann uns paradoxerweise beim Verarbeitungsprozess unterst\u00fctzen. In diesem Beitrag erfahren Sie wertvolle Tipps f\u00fcr den Umgang mit Trauernden sowie Anregungen zur eigenen Trauerbew\u00e4ltigung.<\/p>\n\n\n\n<h3 class=\"wp-block-heading\">Inhaltsverzeichnis<a name=\"Warum-trauern-wir\"><\/a><\/h3>\n\n\n\n<ol class=\"wp-block-list\">\n<li><a href=\"https:\/\/www.rauhes.de\/cms\/trauer\/#jeder-mensch-trauert-auf-seine-eigene-weise\">Trauerreaktionen: Jeder Mensch trauert auf seine eigene Weise<\/a><\/li>\n\n\n\n<li><a href=\"https:\/\/www.rauhes.de\/cms\/trauer\/#die-vier-phasen-der-trauer\">Trauerbew\u00e4ltigung: die vier Phasen der Trauer<\/a><\/li>\n\n\n\n<li><a href=\"https:\/\/www.rauhes.de\/cms\/trauer\/#5-tipps-im-umgang-mit-trauernden\">5 Tipps im Umgang mit Trauernden<\/a><\/li>\n\n\n\n<li><a href=\"https:\/\/www.rauhes.de\/cms\/trauer\/#tipps-f\u00fcr-christliche-trauerkarten\">Mit Worten tr\u00f6sten: Tipps f\u00fcr christliche Trauerkarten<\/a><\/li>\n\n\n\n<li><a href=\"https:\/\/www.rauhes.de\/cms\/trauer\/#5-tipps-f\u00fcr-die-eigene-trauerbewaeltigung\">5 Tipps f\u00fcr die eigene Trauerbew\u00e4ltigung<\/a><a name=\"welche-reaktion-zeigen-wir\"><\/a><\/li>\n<\/ol>\n<\/div>\n\n\n\n<div class=\"wp-block-column is-layout-flow wp-block-column-is-layout-flow\">\n<figure class=\"wp-block-image size-large is-resized\"><img decoding=\"async\" width=\"1024\" height=\"683\" src=\"https:\/\/www.rauhes.de\/cms\/wp-content\/uploads\/2023\/08\/zuneigung-trauerbewaeltigung-1024x683.jpg\" alt=\"Zuneigung kann die Trauerbew\u00e4ltigung unterst\u00fctzen.\" class=\"wp-image-57305\" style=\"width:512px;height:342px\" srcset=\"https:\/\/www.rauhes.de\/cms\/wp-content\/uploads\/2023\/08\/zuneigung-trauerbewaeltigung-1024x683.jpg 1024w, https:\/\/www.rauhes.de\/cms\/wp-content\/uploads\/2023\/08\/zuneigung-trauerbewaeltigung-300x200.jpg 300w, https:\/\/www.rauhes.de\/cms\/wp-content\/uploads\/2023\/08\/zuneigung-trauerbewaeltigung-768x512.jpg 768w, https:\/\/www.rauhes.de\/cms\/wp-content\/uploads\/2023\/08\/zuneigung-trauerbewaeltigung.jpg 1300w\" sizes=\"(max-width: 1024px) 100vw, 1024px\" \/><\/figure>\n<\/div>\n<\/div>\n\n\n\n<div style=\"height:25px\" aria-hidden=\"true\" class=\"wp-block-spacer\"><\/div>\n\n\n\n<h2 class=\"wp-block-heading\" id=\"jeder-mensch-trauert-auf-seine-eigene-weise\">Trauerreaktionen: Jeder Mensch trauert auf seine eigene Weise<\/h2>\n\n\n\n<div class=\"wp-block-columns is-layout-flex wp-container-core-columns-is-layout-9d6595d7 wp-block-columns-is-layout-flex\">\n<div class=\"wp-block-column is-layout-flow wp-block-column-is-layout-flow\">\n<p>Mit dem Tod eines geliebten Menschen ist alles anders geworden. Nichts ist mehr wie es war. Viele Fragen stehen im Raum: Wie soll es weitergehen? Wird es wieder gut? Wann l\u00e4sst der Schmerz nach? Trauern ist Arbeit. Sie braucht Zeit und die darf man sich auch nehmen. Es gibt kein zu langes oder zu kurzes Trauern. Manches hilft.  Reden, erinnern, weinen mitten im Sommer, beten. Auch eine einf\u00fchlsame Lekt\u00fcre kann Trost spenden, Halt geben. Wir haben Titel von Menschen f\u00fcr Sie zusammengestellt, die den Weg der Trauer schon gegangen sind und davon berichten, wie es ihnen dabei erging und was ihnen geholfen hat, zur\u00fcck ins Leben zu finden.<\/p>\n\n\n\n<p><\/p>\n<\/div>\n<\/div>\n\n\n<center><div class=\"productlist productlist-viewmode productlist-viewmode-grid row\">\r\n        \r\n                    \r\n                    \r\n                    \r\n                    \r\n                    \r\n                    \r\n                    \r\n                    \r\n                    \r\n                    \r\n                    \r\n                    \r\n                    \r\n                    \r\n                    \r\n                    \r\n                    \r\n                    \r\n                    \r\n                    \r\n                    \r\n                    \r\n                    \r\n                    \r\n                    \r\n                    \r\n                    \r\n                    \r\n                    \r\n                    \r\n                    \r\n                    \r\n                    \r\n                    \r\n                    \r\n                    \r\n                    \r\n                    \r\n                                    <div class=\"product-container swiper-slide  has-gallery\" style=\"height:370px!important;\">\r\n                    <form class=\"product-tile\">\r\n                        <figure class=\"image\" id=\"{$data_index}_img\">\r\n                            <span title=\"Meine Trauer gebe ich in deine Hand\" class=\"product-hover-main-image product-image\">\r\n                                <a href=\"https:\/\/www.rauhes.de\/meine-trauer-gebe-ich-in-deine-hand.html?refID=40\" class=\"product-url\"><img decoding=\"async\" src=\"https:\/\/www.rauhes.de\/images\/product_images\/thumbnail_images\/meine-trauer-gebe-ich-in-deine-hand-103122.jpg\" alt=\"Meine Trauer gebe ich in deine Hand\"><\/a>\r\n\t\t\t\t\t\t\t<\/span>\r\n                                                    <\/figure>\r\n\r\n                        <div class=\"title-description\">\r\n                            <div class=\"title\">\r\n                                <a href=\"https:\/\/www.rauhes.de\/meine-trauer-gebe-ich-in-deine-hand.html?refID=40\" class=\"product-url\">\r\n                                    Meine Trauer gebe ich in deine Hand                                <\/a>\r\n                            <\/div>\r\n                        <\/div><!-- \/\/ .title-description -->\r\n\r\n                        <div class=\"rating-container\">\r\n\t\t\t\t\t\t                <span title=\"Meine Trauer gebe ich in deine Hand\">\r\n                                <span class=\"rating-stars rating-stars-50\" title=\"In 1 Rezensionen durchschnittlich mit 5 bewertet\">\r\n                                <span class=\"gm-star\"><\/span>\r\n                                <span class=\"gm-star\"><\/span>\r\n                                <span class=\"gm-star\"><\/span>\r\n                                <span class=\"gm-star\"><\/span>\r\n                                <span class=\"gm-star\"><\/span>\r\n                            <span class=\"rating-stars-mask\" style=\"width:100%!important;\">\r\n                                    <span class=\"rating-stars-inside\">\r\n                                        <span class=\"gm-star\"><\/span>\r\n                                        <span class=\"gm-star\"><\/span>\r\n                                        <span class=\"gm-star\"><\/span>\r\n                                        <span class=\"gm-star\"><\/span>\r\n                                        <span class=\"gm-star\"><\/span>\r\n                                    <\/span>\r\n                            <\/span>\r\n                                <\/span> (1)\r\n                <\/span>                        <\/div>\r\n\r\n\r\n                        <div class=\"price-tax\">\r\n\r\n                            <div class=\"price\">\r\n\r\n                                <span class=\"current-price-container\" title=\"Meine Trauer gebe ich in deine Hand\"\r\n                                Meine Trauer gebe ich in deine Hand                                <\/span>\r\n                                <span class=\"rhs_lowest\">ab 3,60 EUR<\/span><b>Einzelpreis:<\/b> 4,30 EUR                            <\/div>\r\n\r\n\r\n                            <div class=\"cart-error-msg alert alert-danger hidden\" role=\"alert\"><\/div>\r\n\r\n                            <div id=\"ims_tax\">\r\n                                inkl. 7% MwSt., zzgl. <a class=\"gm_shipping_link lightbox_iframe\" href=\"https:\/\/www.rauhes.de\/popup\/Versand-und-Zahlungsbedingungen.html\" target=\"_blank\" data-modal-settings=\"{&quot;title&quot;:&quot;Versand&quot;, &quot;sectionSelector&quot;: &quot;.content_text&quot;, &quot;bootstrapClass&quot;: &quot;modal-lg&quot;}\">\r\n                                    <span style=\"text-decoration:underline\">Versand<\/span>\r\n                                <\/a>\r\n                                <br \/>&nbsp;\r\n\r\n                            <\/div>\r\n\r\n                        <\/div><!-- \/\/ .price-tax -->\r\n\r\n\r\n                    <\/form><\/div>\r\n                \r\n                    \r\n                    \r\n                    \r\n                    \r\n                    \r\n                    \r\n                    \r\n                    \r\n                    \r\n                    \r\n                    \r\n                    \r\n                    \r\n                    \r\n                    \r\n                    \r\n                    \r\n                    \r\n                    \r\n                    \r\n                    \r\n                    \r\n                    \r\n                    \r\n                    \r\n                    \r\n                    \r\n                    \r\n                    \r\n                    \r\n                    \r\n                    \r\n                    \r\n                    \r\n                    \r\n                    \r\n                    \r\n                    \r\n                                    <div class=\"product-container swiper-slide  has-gallery\" style=\"height:370px!important;\">\r\n                    <form class=\"product-tile\">\r\n                        <figure class=\"image\" id=\"{$data_index}_img\">\r\n                            <span title=\"In getr\u00f6stetem Leid\" class=\"product-hover-main-image product-image\">\r\n                                <a href=\"https:\/\/www.rauhes.de\/in-getroestetem-leid.html?refID=40\" class=\"product-url\"><img decoding=\"async\" src=\"https:\/\/www.rauhes.de\/images\/product_images\/thumbnail_images\/in-getroestetem-leid-186088.jpg\" alt=\"In getr\u00f6stetem Leid\"><\/a>\r\n\t\t\t\t\t\t\t<\/span>\r\n                                                    <\/figure>\r\n\r\n                        <div class=\"title-description\">\r\n                            <div class=\"title\">\r\n                                <a href=\"https:\/\/www.rauhes.de\/in-getroestetem-leid.html?refID=40\" class=\"product-url\">\r\n                                    In getr\u00f6stetem Leid                                <\/a>\r\n                            <\/div>\r\n                        <\/div><!-- \/\/ .title-description -->\r\n\r\n                        <div class=\"rating-container\">\r\n\t\t\t\t\t\t                <span title=\"In getr\u00f6stetem Leid\">\r\n                                <span class=\"rating-stars rating-stars-50\" title=\"In 1 Rezensionen durchschnittlich mit 5 bewertet\">\r\n                                <span class=\"gm-star\"><\/span>\r\n                                <span class=\"gm-star\"><\/span>\r\n                                <span class=\"gm-star\"><\/span>\r\n                                <span class=\"gm-star\"><\/span>\r\n                                <span class=\"gm-star\"><\/span>\r\n                            <span class=\"rating-stars-mask\" style=\"width:100%!important;\">\r\n                                    <span class=\"rating-stars-inside\">\r\n                                        <span class=\"gm-star\"><\/span>\r\n                                        <span class=\"gm-star\"><\/span>\r\n                                        <span class=\"gm-star\"><\/span>\r\n                                        <span class=\"gm-star\"><\/span>\r\n                                        <span class=\"gm-star\"><\/span>\r\n                                    <\/span>\r\n                            <\/span>\r\n                                <\/span> (1)\r\n                <\/span>                        <\/div>\r\n\r\n\r\n                        <div class=\"price-tax\">\r\n\r\n                            <div class=\"price\">\r\n\r\n                                <span class=\"current-price-container\" title=\"In getr\u00f6stetem Leid\"\r\n                                In getr\u00f6stetem Leid                                <\/span>\r\n                                <span class=\"rhs_lowest\">ab 1,60 EUR<\/span><b>Einzelpreis:<\/b> 2,20 EUR                            <\/div>\r\n\r\n\r\n                            <div class=\"cart-error-msg alert alert-danger hidden\" role=\"alert\"><\/div>\r\n\r\n                            <div id=\"ims_tax\">\r\n                                inkl. 7% MwSt., zzgl. <a class=\"gm_shipping_link lightbox_iframe\" href=\"https:\/\/www.rauhes.de\/popup\/Versand-und-Zahlungsbedingungen.html\" target=\"_blank\" data-modal-settings=\"{&quot;title&quot;:&quot;Versand&quot;, &quot;sectionSelector&quot;: &quot;.content_text&quot;, &quot;bootstrapClass&quot;: &quot;modal-lg&quot;}\">\r\n                                    <span style=\"text-decoration:underline\">Versand<\/span>\r\n                                <\/a>\r\n                                <br \/>&nbsp;\r\n\r\n                            <\/div>\r\n\r\n                        <\/div><!-- \/\/ .price-tax -->\r\n\r\n\r\n                    <\/form><\/div>\r\n                \r\n                    \r\n                    \r\n                    \r\n                    \r\n                    \r\n                    \r\n                    \r\n                    \r\n                    \r\n                    \r\n                    \r\n                    \r\n                    \r\n                    \r\n                    \r\n                    \r\n                    \r\n                    \r\n                    \r\n                    \r\n                    \r\n                    \r\n                    \r\n                    \r\n                    \r\n                    \r\n                    \r\n                    \r\n                    \r\n                    \r\n                    \r\n                    \r\n                    \r\n                    \r\n                    \r\n                    \r\n                    \r\n                    \r\n                                    <div class=\"product-container swiper-slide  has-gallery\" style=\"height:370px!important;\">\r\n                    <form class=\"product-tile\">\r\n                        <figure class=\"image\" id=\"{$data_index}_img\">\r\n                            <span title=\"Das Dunkel wird nicht bleiben (\u00fcberarbeitet)\" class=\"product-hover-main-image product-image\">\r\n                                <a href=\"https:\/\/www.rauhes.de\/das-dunkel-wird-nicht-bleiben-ueberarbeitet.html?refID=40\" class=\"product-url\"><img decoding=\"async\" src=\"https:\/\/www.rauhes.de\/images\/product_images\/thumbnail_images\/das-dunkel-wird-nicht-bleiben-ueberarbeitet-184299.jpg\" alt=\"Das Dunkel wird nicht bleiben (\u00fcberarbeitet)\"><\/a>\r\n\t\t\t\t\t\t\t<\/span>\r\n                                                    <\/figure>\r\n\r\n                        <div class=\"title-description\">\r\n                            <div class=\"title\">\r\n                                <a href=\"https:\/\/www.rauhes.de\/das-dunkel-wird-nicht-bleiben-ueberarbeitet.html?refID=40\" class=\"product-url\">\r\n                                    Das Dunkel wird nicht bleiben (\u00fcberarbeitet)                                <\/a>\r\n                            <\/div>\r\n                        <\/div><!-- \/\/ .title-description -->\r\n\r\n                        <div class=\"rating-container\">\r\n\t\t\t\t\t\t                <span title=\"Das Dunkel wird nicht bleiben (\u00fcberarbeitet)\">\r\n                                <span class=\"rating-stars rating-stars-45\" title=\"In 2 Rezensionen durchschnittlich mit 4.5 bewertet\">\r\n                                <span class=\"gm-star\"><\/span>\r\n                                <span class=\"gm-star\"><\/span>\r\n                                <span class=\"gm-star\"><\/span>\r\n                                <span class=\"gm-star\"><\/span>\r\n                                <span class=\"gm-star\"><\/span>\r\n                            <span class=\"rating-stars-mask\" style=\"width:90%!important;\">\r\n                                    <span class=\"rating-stars-inside\">\r\n                                        <span class=\"gm-star\"><\/span>\r\n                                        <span class=\"gm-star\"><\/span>\r\n                                        <span class=\"gm-star\"><\/span>\r\n                                        <span class=\"gm-star\"><\/span>\r\n                                        <span class=\"gm-star\"><\/span>\r\n                                    <\/span>\r\n                            <\/span>\r\n                                <\/span> (2)\r\n                <\/span>                        <\/div>\r\n\r\n\r\n                        <div class=\"price-tax\">\r\n\r\n                            <div class=\"price\">\r\n\r\n                                <span class=\"current-price-container\" title=\"Das Dunkel wird nicht bleiben (\u00fcberarbeitet)\"\r\n                                Das Dunkel wird nicht bleiben (\u00fcberarbeitet)                                <\/span>\r\n                                <span class=\"rhs_lowest\">ab 2,80 EUR<\/span><b>Einzelpreis:<\/b> 3,30 EUR                            <\/div>\r\n\r\n\r\n                            <div class=\"cart-error-msg alert alert-danger hidden\" role=\"alert\"><\/div>\r\n\r\n                            <div id=\"ims_tax\">\r\n                                inkl. 7% MwSt., zzgl. <a class=\"gm_shipping_link lightbox_iframe\" href=\"https:\/\/www.rauhes.de\/popup\/Versand-und-Zahlungsbedingungen.html\" target=\"_blank\" data-modal-settings=\"{&quot;title&quot;:&quot;Versand&quot;, &quot;sectionSelector&quot;: &quot;.content_text&quot;, &quot;bootstrapClass&quot;: &quot;modal-lg&quot;}\">\r\n                                    <span style=\"text-decoration:underline\">Versand<\/span>\r\n                                <\/a>\r\n                                <br \/>&nbsp;\r\n\r\n                            <\/div>\r\n\r\n                        <\/div><!-- \/\/ .price-tax -->\r\n\r\n\r\n                    <\/form><\/div>\r\n                \r\n                    \r\n                    \r\n                    \r\n                    \r\n                    \r\n                    \r\n                    \r\n                    \r\n                    \r\n                    \r\n                    \r\n                    \r\n                    \r\n                    \r\n                    \r\n                    \r\n                    \r\n                    \r\n                    \r\n                    \r\n                    \r\n                    \r\n                    \r\n                    \r\n                    \r\n                    \r\n                    \r\n                    \r\n                    \r\n                    \r\n                    \r\n                    \r\n                    \r\n                    \r\n                    \r\n                    \r\n                    \r\n                    \r\n                                    <div class=\"product-container swiper-slide  has-gallery\" style=\"height:370px!important;\">\r\n                    <form class=\"product-tile\">\r\n                        <figure class=\"image\" id=\"{$data_index}_img\">\r\n                            <span title=\"Holzherz, asymmetrisch\" class=\"product-hover-main-image product-image\">\r\n                                <a href=\"https:\/\/www.rauhes.de\/holzherz-asymmetrisch.html?refID=40\" class=\"product-url\"><img decoding=\"async\" src=\"https:\/\/www.rauhes.de\/images\/product_images\/thumbnail_images\/holzherz-asymmetrisch-624550.jpg\" alt=\"Holzherz, asymmetrisch\"><\/a>\r\n\t\t\t\t\t\t\t<\/span>\r\n                                                    <\/figure>\r\n\r\n                        <div class=\"title-description\">\r\n                            <div class=\"title\">\r\n                                <a href=\"https:\/\/www.rauhes.de\/holzherz-asymmetrisch.html?refID=40\" class=\"product-url\">\r\n                                    Holzherz, asymmetrisch                                <\/a>\r\n                            <\/div>\r\n                        <\/div><!-- \/\/ .title-description -->\r\n\r\n                        <div class=\"rating-container\">\r\n\t\t\t\t\t\t                <span title=\"Holzherz, asymmetrisch\">\r\n                                <span class=\"rating-stars rating-stars-50\" title=\"In 3 Rezensionen durchschnittlich mit 5 bewertet\">\r\n                                <span class=\"gm-star\"><\/span>\r\n                                <span class=\"gm-star\"><\/span>\r\n                                <span class=\"gm-star\"><\/span>\r\n                                <span class=\"gm-star\"><\/span>\r\n                                <span class=\"gm-star\"><\/span>\r\n                            <span class=\"rating-stars-mask\" style=\"width:100%!important;\">\r\n                                    <span class=\"rating-stars-inside\">\r\n                                        <span class=\"gm-star\"><\/span>\r\n                                        <span class=\"gm-star\"><\/span>\r\n                                        <span class=\"gm-star\"><\/span>\r\n                                        <span class=\"gm-star\"><\/span>\r\n                                        <span class=\"gm-star\"><\/span>\r\n                                    <\/span>\r\n                            <\/span>\r\n                                <\/span> (3)\r\n                <\/span>                        <\/div>\r\n\r\n\r\n                        <div class=\"price-tax\">\r\n\r\n                            <div class=\"price\">\r\n\r\n                                <span class=\"current-price-container\" title=\"Holzherz, asymmetrisch\"\r\n                                Holzherz, asymmetrisch                                <\/span>\r\n                                <span class=\"rhs_lowest\">ab 4,20 EUR<\/span><b>Einzelpreis:<\/b> 4,40 EUR                            <\/div>\r\n\r\n\r\n                            <div class=\"cart-error-msg alert alert-danger hidden\" role=\"alert\"><\/div>\r\n\r\n                            <div id=\"ims_tax\">\r\n                                inkl. 19% MwSt., zzgl. <a class=\"gm_shipping_link lightbox_iframe\" href=\"https:\/\/www.rauhes.de\/popup\/Versand-und-Zahlungsbedingungen.html\" target=\"_blank\" data-modal-settings=\"{&quot;title&quot;:&quot;Versand&quot;, &quot;sectionSelector&quot;: &quot;.content_text&quot;, &quot;bootstrapClass&quot;: &quot;modal-lg&quot;}\">\r\n                                    <span style=\"text-decoration:underline\">Versand<\/span>\r\n                                <\/a>\r\n                                <br \/>&nbsp;\r\n\r\n                            <\/div>\r\n\r\n                        <\/div><!-- \/\/ .price-tax -->\r\n\r\n\r\n                    <\/form><\/div>\r\n                \r\n                    \r\n                    \r\n                    \r\n                    \r\n                    \r\n                    \r\n                    \r\n                    \r\n                    \r\n                    \r\n                    \r\n                    \r\n                    \r\n                    \r\n                    \r\n                    \r\n                    \r\n                    \r\n                    \r\n                    \r\n                    \r\n                    \r\n                    \r\n                    \r\n                    \r\n                    \r\n                    \r\n                    \r\n                    \r\n                    \r\n                    \r\n                    \r\n                    \r\n                    \r\n                    \r\n                    \r\n                    \r\n                    \r\n                                    <div class=\"product-container swiper-slide  has-gallery\" style=\"height:370px!important;\">\r\n                    <form class=\"product-tile\">\r\n                        <figure class=\"image\" id=\"{$data_index}_img\">\r\n                            <span title=\"Olivenholzkreuz Gr\u00f6\u00dfe: M\" class=\"product-hover-main-image product-image\">\r\n                                <a href=\"https:\/\/www.rauhes.de\/olivenholzkreuz-groesse-m.html?refID=40\" class=\"product-url\"><img decoding=\"async\" src=\"https:\/\/www.rauhes.de\/images\/product_images\/thumbnail_images\/olivenholzkreuz-groesse-m-628690.jpg\" alt=\"Olivenholzkreuz Gr\u00f6\u00dfe: M\"><\/a>\r\n\t\t\t\t\t\t\t<\/span>\r\n                                                    <\/figure>\r\n\r\n                        <div class=\"title-description\">\r\n                            <div class=\"title\">\r\n                                <a href=\"https:\/\/www.rauhes.de\/olivenholzkreuz-groesse-m.html?refID=40\" class=\"product-url\">\r\n                                    Olivenholzkreuz Gr\u00f6\u00dfe: M                                <\/a>\r\n                            <\/div>\r\n                        <\/div><!-- \/\/ .title-description -->\r\n\r\n                        <div class=\"rating-container\">\r\n\t\t\t\t\t\t                <span title=\"Olivenholzkreuz Gr\u00f6\u00dfe: M\">\r\n                                <span class=\"rating-stars rating-stars-50\" title=\"In 4 Rezensionen durchschnittlich mit 5 bewertet\">\r\n                                <span class=\"gm-star\"><\/span>\r\n                                <span class=\"gm-star\"><\/span>\r\n                                <span class=\"gm-star\"><\/span>\r\n                                <span class=\"gm-star\"><\/span>\r\n                                <span class=\"gm-star\"><\/span>\r\n                            <span class=\"rating-stars-mask\" style=\"width:100%!important;\">\r\n                                    <span class=\"rating-stars-inside\">\r\n                                        <span class=\"gm-star\"><\/span>\r\n                                        <span class=\"gm-star\"><\/span>\r\n                                        <span class=\"gm-star\"><\/span>\r\n                                        <span class=\"gm-star\"><\/span>\r\n                                        <span class=\"gm-star\"><\/span>\r\n                                    <\/span>\r\n                            <\/span>\r\n                                <\/span> (4)\r\n                <\/span>                        <\/div>\r\n\r\n\r\n                        <div class=\"price-tax\">\r\n\r\n                            <div class=\"price\">\r\n\r\n                                <span class=\"current-price-container\" title=\"Olivenholzkreuz Gr\u00f6\u00dfe: M\"\r\n                                Olivenholzkreuz Gr\u00f6\u00dfe: M                                <\/span>\r\n                                <b>Einzelpreis:<\/b> 4,30 EUR                            <\/div>\r\n\r\n\r\n                            <div class=\"cart-error-msg alert alert-danger hidden\" role=\"alert\"><\/div>\r\n\r\n                            <div id=\"ims_tax\">\r\n                                inkl. 19% MwSt., zzgl. <a class=\"gm_shipping_link lightbox_iframe\" href=\"https:\/\/www.rauhes.de\/popup\/Versand-und-Zahlungsbedingungen.html\" target=\"_blank\" data-modal-settings=\"{&quot;title&quot;:&quot;Versand&quot;, &quot;sectionSelector&quot;: &quot;.content_text&quot;, &quot;bootstrapClass&quot;: &quot;modal-lg&quot;}\">\r\n                                    <span style=\"text-decoration:underline\">Versand<\/span>\r\n                                <\/a>\r\n                                <br \/>&nbsp;\r\n\r\n                            <\/div>\r\n\r\n                        <\/div><!-- \/\/ .price-tax -->\r\n\r\n\r\n                    <\/form><\/div>\r\n                \r\n        <\/div><\/center><div style=\"clear: both;\"><\/div>\n\n\n\n<h2 class=\"wp-block-heading\" id=\"die-vier-phasen-der-trauer\">Trauerbew\u00e4ltigung: Die vier Phasen der Trauer<\/h2>\n\n\n\n<p>Um Trauernde oder sich selbst tiefer zu verstehen, ist es hilfreich, die vier Phasen der Trauer zu betrachten. Wichtig dabei ist: Die Phasen k\u00f6nnen flie\u00dfend ineinander \u00fcbergehen oder w\u00e4hrend des gesamten Trauerprozesses wiederkehrend auftreten. Im Folgenden stellen wir Ihnen die vier Phasen n\u00e4her vor.<\/p>\n\n\n\n<div style=\"height:5px\" aria-hidden=\"true\" class=\"wp-block-spacer\"><\/div>\n\n\n\n<h3 class=\"wp-block-heading\">1. Phase der Verleugnung<\/h3>\n\n\n\n<p>Die erste Phase der Trauer setzt mit Erhalt der Todesnachricht ein. In dieser Phase stehen Trauernde unter Schock und m\u00f6chten nicht wahrhaben, dass ein geliebter Mensch gestorben ist. Die Dauer der ersten Phase ist unterschiedlich lang, bei manchen Menschen h\u00e4lt dieser Zustand bis weit nach der Beerdigung an.<\/p>\n\n\n\n<h3 class=\"wp-block-heading\">2. Phase der aufbrechenden Emotionen<\/h3>\n\n\n\n<p>Auf die Verleugnung folgen h\u00e4ufig Schmerz und Verzweiflung. Oft leiden wir in dieser Phase unter Gef\u00fchlsschwankungen und starken Emotionen. Gef\u00fchle wie Angst, Traurigkeit, Wut oder auch Erleichterung k\u00f6nnen auftreten. Auch Schuldgef\u00fchle, dass man den Tod nicht verhindern konnte, k\u00f6nnen in dieser zweiten Phase eine Rolle spielen.<\/p>\n\n\n\n<h3 class=\"wp-block-heading\">3. Phase der langsamen Neuorientierung<\/h3>\n\n\n\n<p>Die Trauer l\u00e4sst nach und ist nicht mehr so intensiv. Zwar sind wir in dieser Phase oft noch traurig und haben Stimmungsschwankungen, wir orientieren uns aber wieder nach au\u00dfen und k\u00f6nnen uns \u00fcber etwas freuen. Der K\u00f6rper findet langsam zu seiner Balance zur\u00fcck.<\/p>\n\n\n\n<h3 class=\"wp-block-heading\">4. Phase des neuen Gleichgewichts<\/h3>\n\n\n\n<p>In der vierten Phase der Trauerbew\u00e4ltigung ist der Verlust gr\u00f6\u00dftenteils akzeptiert. Der Trauernde kann wieder in den Alltag zur\u00fcckkehren und vertrauensvoll in die Zukunft blicken. Dabei wissen die Trauernden, dass sie den verstorbenen Menschen nie ersetzen k\u00f6nnen und denken daher auch weiterhin mit Wehmut an die vergangene Zeit zur\u00fcck.<\/p>\n\n\n\n<div style=\"height:10px\" aria-hidden=\"true\" class=\"wp-block-spacer\"><\/div>\n\n\n\n<div style=\"height:20px\" aria-hidden=\"true\" class=\"wp-block-spacer\"><\/div>\n\n\n\n<h2 class=\"wp-block-heading\" id=\"5-tipps-im-umgang-mit-trauernden\">5 Tipps im Umgang mit Trauernden<a name=\"wer-kann-mir-helfen-meine-trauer-zu-verarbeiten\"><\/a><a name=\"ewigkeitssonntag\"><\/a><\/h2>\n\n\n\n<p>Es ist nicht immer einfach, die richtigen Worte zu finden oder zu wissen, wie man sich gegen\u00fcber Trauernden verhalten soll. Wir geben Ihnen f\u00fcnf Tipps, wie Sie die Familie, Freunde und Bekannte sowie Gemeindeglieder im Umgang mit der Trauer unterst\u00fctzen k\u00f6nnen.<\/p>\n\n\n\n<div style=\"height:5px\" aria-hidden=\"true\" class=\"wp-block-spacer\"><\/div>\n\n\n\n<div class=\"wp-block-columns is-layout-flex wp-container-core-columns-is-layout-9d6595d7 wp-block-columns-is-layout-flex\">\n<div class=\"wp-block-column is-layout-flow wp-block-column-is-layout-flow\">\n<ol class=\"wp-block-list\">\n<li><strong>Seien Sie da:<\/strong> Oftmals sind allein die Anwesenheit und Ihr Zuh\u00f6ren mehr wert als viele Worte. Kleine Gesten, wie ein Umarmen, gebackene Pl\u00e4tzchen oder einen Blumenstrau\u00df signalisieren den Trauernden, dass sie nicht allein sind.<\/li>\n\n\n\n<li><strong>Akzeptieren Sie die Gef\u00fchle der Trauernden:<\/strong> Ob Verzweiflung, Wut oder tiefe Traurigkeit &#8211; jeder trauert individuell. Es ist wichtig, diesen Gef\u00fchlen Raum zu geben und Verst\u00e4ndnis zu zeigen, ohne zu urteilen.<\/li>\n\n\n\n<li><strong>Nehmen Sie eine Zur\u00fcckweisung nicht pers\u00f6nlich: <\/strong>Der Trauernde m\u00f6chte allein sein? Akzeptieren Sie diese Entscheidung und geben Sie dem Trauernden die Zeit, die er braucht. Melden Sie sich in ein paar Wochen noch einmal.<\/li>\n\n\n\n<li><strong>Bieten Sie Ihre Hilfe an:<\/strong> Die Trauer nimmt oft die Kraft f\u00fcr allt\u00e4gliche Aufgaben. Bieten Sie deshalb Ihre Unterst\u00fctzung f\u00fcr kleine Dinge an, wie kochen, einkaufen oder die Kinderbetreuung.<\/li>\n\n\n\n<li><strong>Erinnern Sie an gemeinsame Zeiten: <\/strong>Im Erz\u00e4hlen f\u00fchlen sich Trauernde h\u00e4ufig mit dem Verstorbenen verbunden. Teilen Sie also gemeinsame Erinnerungen und Geschichten. Dies kann Trost spenden und ein L\u00e4cheln hervorrufen.<\/li>\n<\/ol>\n<\/div>\n\n\n\n<div class=\"wp-block-column is-layout-flow wp-block-column-is-layout-flow\">\n<figure class=\"wp-block-image size-large is-resized\"><img decoding=\"async\" width=\"1024\" height=\"681\" src=\"https:\/\/www.rauhes.de\/cms\/wp-content\/uploads\/2023\/08\/trauernde-bei-beerdigung-1024x681.jpg\" alt=\"Trauernde bei einer Beerdigung.\" class=\"wp-image-57314\" style=\"width:512px;height:341px\" srcset=\"https:\/\/www.rauhes.de\/cms\/wp-content\/uploads\/2023\/08\/trauernde-bei-beerdigung-1024x681.jpg 1024w, https:\/\/www.rauhes.de\/cms\/wp-content\/uploads\/2023\/08\/trauernde-bei-beerdigung-300x200.jpg 300w, https:\/\/www.rauhes.de\/cms\/wp-content\/uploads\/2023\/08\/trauernde-bei-beerdigung-768x511.jpg 768w, https:\/\/www.rauhes.de\/cms\/wp-content\/uploads\/2023\/08\/trauernde-bei-beerdigung.jpg 1100w\" sizes=\"(max-width: 1024px) 100vw, 1024px\" \/><\/figure>\n<\/div>\n<\/div>\n\n\n\n<div style=\"height:25px\" aria-hidden=\"true\" class=\"wp-block-spacer\"><\/div>\n\n\n\n<h2 class=\"wp-block-heading\" id=\"tipps-f\u00fcr-christliche-trauerkarten\">Mit Worten tr\u00f6sten: Tipps f\u00fcr christliche Trauerkarten<a name=\"was-muss-ich-bei-einem-todesfall-beachten\"><\/a><\/h2>\n\n\n\n<p>Auch christliche <a href=\"https:\/\/www.rauhes.de\/karten-urkunden-und-einlegeblaetter\/karten-\/trauerkarten\/\">Trauerkarten<\/a> und Beileidsbekundungen unterst\u00fctzen die Trauerbew\u00e4ltigung. Dabei erfahren Trauernde, dass sie im eigenen Umfeld geliebt und gesch\u00e4tzt werden und nicht allein sind. Wenn Sie Trauerkarten schreiben wollen, sollten Sie Folgendes ber\u00fccksichtigen.<\/p>\n\n\n\n<div style=\"height:5px\" aria-hidden=\"true\" class=\"wp-block-spacer\"><\/div>\n\n\n\n<div class=\"wp-block-columns is-layout-flex wp-container-core-columns-is-layout-9d6595d7 wp-block-columns-is-layout-flex\">\n<div class=\"wp-block-column is-layout-flow wp-block-column-is-layout-flow\">\n<figure class=\"wp-block-image size-full is-resized\"><img decoding=\"async\" width=\"750\" height=\"500\" src=\"https:\/\/www.rauhes.de\/cms\/wp-content\/uploads\/2023\/08\/frau-auf-friedhof.jpg\" alt=\"Trauernde Frau auf dem Friedhof.\" class=\"wp-image-57315\" style=\"width:563px;height:375px\" srcset=\"https:\/\/www.rauhes.de\/cms\/wp-content\/uploads\/2023\/08\/frau-auf-friedhof.jpg 750w, https:\/\/www.rauhes.de\/cms\/wp-content\/uploads\/2023\/08\/frau-auf-friedhof-300x200.jpg 300w\" sizes=\"(max-width: 750px) 100vw, 750px\" \/><\/figure>\n<\/div>\n\n\n\n<div class=\"wp-block-column is-layout-flow wp-block-column-is-layout-flow\">\n<ul class=\"wp-block-list\">\n<li>Verschicken Sie die Trauerkarte per Post, um die n\u00f6tige Distanz zu bewahren und den Angeh\u00f6rigen genug Zeit f\u00fcr ihre Trauer zu lassen.<\/li>\n\n\n\n<li>Versenden Sie die Trauerkarte zeitnah, damit die Trauernden nicht zu einem sp\u00e4teren Zeitpunkt der Trauerbew\u00e4ltigung an Ihren Verlust erinnert werden.<\/li>\n\n\n\n<li>Beschreiben Sie die Trauerkarte per Hand, das ist pers\u00f6nlicher.<\/li>\n\n\n\n<li>Eine Beileidsbekundung soll kein negatives Gef\u00fchl vermitteln, sondern den Trauernden Mut machen. Verzichten Sie daher auf theatralische Redewendungen wie \u201eschrecklicher Tod\u201c oder \u201eherzzerrei\u00dfende Trag\u00f6die\u201c und verwenden Sie stattdessen aufbauende, tr\u00f6stende Worte.<\/li>\n\n\n\n<li>Verwenden Sie z. B. kurze christliche Trauerspr\u00fcche oder passende Bibelverse. Bibelverse k\u00f6nnen Trost und eine neue Perspektive bieten. Sie erinnern daran, dass auch andere Menschen Trauer und Verlust erlebt haben und durch ihren Glauben Trost fanden.<\/li>\n\n\n\n<li>Legen Sie den Fokus Ihrer Worte auf Ihre pers\u00f6nliche Beziehung zum Verstorbenen und nutzen Sie Trauerspr\u00fcche und Zitate h\u00f6chstens unterst\u00fctzend. Pers\u00f6nlich k\u00f6nnen Sie werden, indem Sie sich z. B. auf gemeinsame Erlebnisse mit dem Verstorbenen beziehen.<\/li>\n\n\n\n<li>Schlie\u00dfen Sie mit einem tr\u00f6stenden Wort oder Segen, welcher viel Trost spenden kann.<\/li>\n<\/ul>\n<\/div>\n<\/div>\n\n\n\n<div style=\"height:25px\" aria-hidden=\"true\" class=\"wp-block-spacer\"><\/div>\n\n\n\n<h2 class=\"wp-block-heading\" id=\"5-tipps-f\u00fcr-die-eigene-trauerbewaeltigung\">5 Tipps f\u00fcr die eigene Trauerbew\u00e4ltigung<\/h2>\n\n\n\n<p>Lassen Sie alle Gef\u00fchle der Trauer zu. Sch\u00e4men Sie sich nicht Wut, Schmerz oder Verzweiflung offen zu zeigen. Auch das Gebet bietet einen Raum, um Gef\u00fchle auszudr\u00fccken, Trost zu suchen und eine tiefere Verbindung mit Gott zu sp\u00fcren. Es kann helfen, den Schmerz zu verarbeiten und Frieden zu finden. Unterdr\u00fccken Sie die Gef\u00fchle der Trauer nicht. Das Hemmen dieser Emotionen kann den Heilungsprozess behindern und zu k\u00f6rperlichen sowie seelischen Beschwerden f\u00fchren.<\/p>\n\n\n\n<p>Jeder Mensch muss seinen eigenen Weg finden, den Verlust auf seine eigene Weise zu verarbeiten. Wir geben Ihnen f\u00fcnf Anregungen f\u00fcr die eigene Trauerbew\u00e4ltigung.<\/p>\n\n\n\n<div style=\"height:5px\" aria-hidden=\"true\" class=\"wp-block-spacer\"><\/div>\n\n\n\n<ol class=\"wp-block-list\">\n<li><strong>Nehmen Sie sich Zeit: <\/strong>Jeder Mensch trauert in seinem eigenen Tempo. Ob Monate oder Jahre &#8211; geben Sie dem Schmerz die Zeit, die er braucht.<\/li>\n\n\n\n<li><strong>Suchen Sie die Gemeinschaft: <\/strong>Sprechen Sie mit der Kirchengemeinde, Ihren Freunden oder der Familie \u00fcber Ihre Gef\u00fchle und Erinnerungen. Anderen seinen Schmerz mitzuteilen, kann befreiend und schmerzlindernd wirken.<\/li>\n\n\n\n<li><strong>Halten Sie an Ihrer Routine fest: <\/strong>Ein gewohnter Tagesablauf kann Halt geben und Ablenkung bieten.<\/li>\n\n\n\n<li><strong>Tun Sie sich etwas Gutes: <\/strong>Ob ein Spaziergang oder ein Geschenk an sich selbst: Eine kleine Freude kann Ihnen helfen, wieder etwas Kraft zu tanken. Das lenkt ab und sorgt f\u00fcr Abwechslung im Alltag.<\/li>\n\n\n\n<li><strong>F\u00fchren Sie ein Trauerbuch:<\/strong> Schreiben Sie alles nieder, was Sie bewegt und was Sie anderen Personen vielleicht nicht mitteilen k\u00f6nnen. Dieser Prozess kann befreiend wirken.<a id=\"_msocom_2\"><\/a><\/li>\n<\/ol>\n\n\n\n<div style=\"height:25px\" aria-hidden=\"true\" class=\"wp-block-spacer\"><\/div>\n\n\n\n<h2 class=\"wp-block-heading\">Sie sind nicht allein: Professionelle Hilfe bei der Trauerbew\u00e4ltigung<\/h2>\n\n\n\n<p>Jeder braucht mal Hilfe, gerade auch in Zeiten der Trauer. Es tut gut, bei einer Person das Herz auszusch\u00fctten, die professionell mit Sorgen und N\u00f6ten umgehen kann. In jeder Kirchengemeinde gibt es Seelsorgeangebote. Wenden Sie sich einfach vertrauensvoll an Ihre Pastorin oder Ihren Pastor. Die Seelsorge f\u00fchrt entweder der Pastor oder die Pastorin selbst durch oder aber ein in der Seelsorge ausgebildeter ehrenamtlicher Mitarbeiter.<\/p>\n\n\n\n<p>Es zeugt von St\u00e4rke, sich Hilfe zu holen. Ein Seelsorger oder Therapeut kann Ihnen assistieren, Ihre Emotionen zu verarbeiten und Bew\u00e4ltigungsstrategien zu entwickeln. Es existieren zudem spezialisierte Trauergruppen f\u00fcr den Austausch mit Gleichgesinnten. Von Trauercaf\u00e9s \u00fcber Selbsthilfegruppen bis hin zur deutschen Telefonseelsorge stehen Ihnen zahlreiche Angebote zur Verf\u00fcgung, um Sie bei der Trauerbew\u00e4ltigung zu unterst\u00fctzen.<\/p>\n\n\n\n<div style=\"height:5px\" aria-hidden=\"true\" class=\"wp-block-spacer\"><\/div>\n\n\n\n<p><strong>An folgende Stellen k\u00f6nnen Sie sich wenden:<\/strong><strong><\/strong><\/p>\n\n\n\n<p><strong>Deutsche Telefonseelsorge:<\/strong><br>Per Telefon: 0800\/111 0 111 \u2013 0800\/111 0 222<br>Online: <a href=\"https:\/\/online.telefonseelsorge.de\/onlineberatung\">https:\/\/online.telefonseelsorge.de\/onlineberatung<br><\/a>Vor Ort: Eine pers\u00f6nliche <a href=\"https:\/\/www.telefonseelsorge.de\/vor-ort\/\">Beratung ist an 25 Standorten<\/a> m\u00f6glich.<\/p>\n\n\n\n<p><strong>Gute Trauer: Trauerbegleitung im gesamten Bundesgebiet<\/strong><br>Weitere Informationen zu den Anlaufstellen auf <a href=\"https:\/\/www.gute-trauer.de\/\">https:\/\/www.gute-trauer.de\/<\/a><\/p>\n\n\n\n<p><strong>Bundesverband Trauerbegleitung e. V.<\/strong><br>Weitere Informationen finden Sie auf <a href=\"https:\/\/bv-trauerbegleitung.de\/\">https:\/\/bv-trauerbegleitung.de\/<\/a><\/p>\n\n\n\n<p><strong>Trauercaf\u00e9s angeboten von St\u00e4dten, Kirchen und Hospizen<\/strong><br>Auf folgender Webseite k\u00f6nnen Sie nach einem Trauercaf\u00e9 in Ihrer N\u00e4he suchen: <a href=\"https:\/\/www.trauergruppe.de\/\">https:\/\/www.trauergruppe.de\/<\/a><\/p>\n\n\n\n<p><strong>Lavia \u2013 Institut f\u00fcr Familientrauerbegleitung: Trauerbegleitung f\u00fcr Kinder, Jugendliche und Familien<\/strong><br>Weitere Informationen finden Sie auf <a href=\"https:\/\/familientrauerbegleitung.de\/\">https:\/\/familientrauerbegleitung.de\/<\/a><\/p>\n\n\n\n<p>Um z. B. eine geeignete Trauergruppe in Ihrer Umgebung zu finden, suchen Sie einfach nach \u201eTrauergruppe\u201c zusammen mit Ihrem Wohnort in einer Suchmaschine.<\/p>\n","protected":false},"excerpt":{"rendered":"<p>Trauer: Das hilft bei der Trauerbew\u00e4ltigung Der Tod und die damit verbundene Trauer ist Teil unseres Daseins. Dennoch hinterl\u00e4sst der Verlust eines geliebten Menschen eine schmerzliche L\u00fccke in unserem Leben, welche wir erst einmal verarbeiten m\u00fcssen. Die Trauer selbst kann uns paradoxerweise beim Verarbeitungsprozess unterst\u00fctzen. In diesem Beitrag erfahren Sie wertvolle Tipps f\u00fcr den Umgang [&hellip;]<\/p>\n","protected":false},"author":1,"featured_media":0,"parent":23892,"menu_order":0,"comment_status":"closed","ping_status":"closed","template":"","meta":{"ngg_post_thumbnail":0,"footnotes":""},"class_list":["post-498","page","type-page","status-publish","hentry"],"yoast_head":"<!-- This site is optimized with the Yoast SEO plugin v27.5 - https:\/\/yoast.com\/product\/yoast-seo-wordpress\/ -->\n<title>Trauer: Das hilft bei der Trauerbew\u00e4ltigung \u2013 rauhes.de<\/title>\n<meta name=\"description\" content=\"Ein geliebter Mensch ist von Ihnen gegangen? Warum trauern wir und wie verl\u00e4uft die Trauer? Lesen Sie hier alles zur Trauerbew\u00e4ltigung.\" \/>\n<meta name=\"robots\" content=\"index, follow, max-snippet:-1, max-image-preview:large, max-video-preview:-1\" \/>\n<link rel=\"canonical\" href=\"https:\/\/www.rauhes.de\/cms\/trauer\/\" \/>\n<meta property=\"og:locale\" content=\"de_DE\" \/>\n<meta property=\"og:type\" content=\"article\" \/>\n<meta property=\"og:title\" content=\"Trauer: Das hilft bei der Trauerbew\u00e4ltigung \u2013 rauhes.de\" \/>\n<meta property=\"og:description\" content=\"Ein geliebter Mensch ist von Ihnen gegangen? Warum trauern wir und wie verl\u00e4uft die Trauer? Lesen Sie hier alles zur Trauerbew\u00e4ltigung.\" \/>\n<meta property=\"og:url\" content=\"https:\/\/www.rauhes.de\/cms\/trauer\/\" \/>\n<meta property=\"og:site_name\" content=\"Infos zu feierlichen Anl\u00e4ssen wie Taufe, Konfirmation, Hochzeit &amp; Trauer\" \/>\n<meta property=\"article:modified_time\" content=\"2023-11-16T08:08:59+00:00\" \/>\n<meta property=\"og:image\" content=\"https:\/\/www.rauhes.de\/cms\/wp-content\/uploads\/2023\/08\/zuneigung-trauerbewaeltigung-1024x683.jpg\" \/>\n<meta name=\"twitter:card\" content=\"summary_large_image\" \/>\n<meta name=\"twitter:label1\" content=\"Gesch\u00e4tzte Lesezeit\" \/>\n\t<meta name=\"twitter:data1\" content=\"7\u00a0Minuten\" \/>\n<script type=\"application\/ld+json\" class=\"yoast-schema-graph\">{\"@context\":\"https:\\\/\\\/schema.org\",\"@graph\":[{\"@type\":\"WebPage\",\"@id\":\"https:\\\/\\\/www.rauhes.de\\\/cms\\\/trauer\\\/\",\"url\":\"https:\\\/\\\/www.rauhes.de\\\/cms\\\/trauer\\\/\",\"name\":\"Trauer: Das hilft bei der Trauerbew\u00e4ltigung \u2013 rauhes.de\",\"isPartOf\":{\"@id\":\"https:\\\/\\\/www.rauhes.de\\\/cms\\\/#website\"},\"primaryImageOfPage\":{\"@id\":\"https:\\\/\\\/www.rauhes.de\\\/cms\\\/trauer\\\/#primaryimage\"},\"image\":{\"@id\":\"https:\\\/\\\/www.rauhes.de\\\/cms\\\/trauer\\\/#primaryimage\"},\"thumbnailUrl\":\"https:\\\/\\\/www.rauhes.de\\\/cms\\\/wp-content\\\/uploads\\\/2023\\\/08\\\/zuneigung-trauerbewaeltigung-1024x683.jpg\",\"datePublished\":\"2021-10-08T08:03:22+00:00\",\"dateModified\":\"2023-11-16T08:08:59+00:00\",\"description\":\"Ein geliebter Mensch ist von Ihnen gegangen? Warum trauern wir und wie verl\u00e4uft die Trauer? Lesen Sie hier alles zur Trauerbew\u00e4ltigung.\",\"breadcrumb\":{\"@id\":\"https:\\\/\\\/www.rauhes.de\\\/cms\\\/trauer\\\/#breadcrumb\"},\"inLanguage\":\"de\",\"potentialAction\":[{\"@type\":\"ReadAction\",\"target\":[\"https:\\\/\\\/www.rauhes.de\\\/cms\\\/trauer\\\/\"]}]},{\"@type\":\"ImageObject\",\"inLanguage\":\"de\",\"@id\":\"https:\\\/\\\/www.rauhes.de\\\/cms\\\/trauer\\\/#primaryimage\",\"url\":\"https:\\\/\\\/www.rauhes.de\\\/cms\\\/wp-content\\\/uploads\\\/2023\\\/08\\\/zuneigung-trauerbewaeltigung.jpg\",\"contentUrl\":\"https:\\\/\\\/www.rauhes.de\\\/cms\\\/wp-content\\\/uploads\\\/2023\\\/08\\\/zuneigung-trauerbewaeltigung.jpg\",\"width\":1300,\"height\":867},{\"@type\":\"BreadcrumbList\",\"@id\":\"https:\\\/\\\/www.rauhes.de\\\/cms\\\/trauer\\\/#breadcrumb\",\"itemListElement\":[{\"@type\":\"ListItem\",\"position\":1,\"name\":\"Startseite\",\"item\":\"https:\\\/\\\/www.rauhes.de\\\/cms\\\/\"},{\"@type\":\"ListItem\",\"position\":2,\"name\":\"Lebenskreis\",\"item\":\"https:\\\/\\\/www.rauhes.de\\\/cms\\\/lebenskreis\\\/\"},{\"@type\":\"ListItem\",\"position\":3,\"name\":\"Trauer\"}]},{\"@type\":\"WebSite\",\"@id\":\"https:\\\/\\\/www.rauhes.de\\\/cms\\\/#website\",\"url\":\"https:\\\/\\\/www.rauhes.de\\\/cms\\\/\",\"name\":\"Infos zu feierlichen Anl\u00e4ssen wie Taufe, Konfirmation, Hochzeit &amp; Trauer\",\"description\":\"\",\"publisher\":{\"@id\":\"https:\\\/\\\/www.rauhes.de\\\/cms\\\/#organization\"},\"potentialAction\":[{\"@type\":\"SearchAction\",\"target\":{\"@type\":\"EntryPoint\",\"urlTemplate\":\"https:\\\/\\\/www.rauhes.de\\\/cms\\\/?s={search_term_string}\"},\"query-input\":{\"@type\":\"PropertyValueSpecification\",\"valueRequired\":true,\"valueName\":\"search_term_string\"}}],\"inLanguage\":\"de\"},{\"@type\":\"Organization\",\"@id\":\"https:\\\/\\\/www.rauhes.de\\\/cms\\\/#organization\",\"name\":\"rauhes.de\",\"url\":\"https:\\\/\\\/www.rauhes.de\\\/cms\\\/\",\"logo\":{\"@type\":\"ImageObject\",\"inLanguage\":\"de\",\"@id\":\"https:\\\/\\\/www.rauhes.de\\\/cms\\\/#\\\/schema\\\/logo\\\/image\\\/\",\"url\":\"https:\\\/\\\/www.rauhes.de\\\/cms\\\/wp-content\\\/uploads\\\/2021\\\/10\\\/2x_neu-2.png\",\"contentUrl\":\"https:\\\/\\\/www.rauhes.de\\\/cms\\\/wp-content\\\/uploads\\\/2021\\\/10\\\/2x_neu-2.png\",\"width\":300,\"height\":85,\"caption\":\"rauhes.de\"},\"image\":{\"@id\":\"https:\\\/\\\/www.rauhes.de\\\/cms\\\/#\\\/schema\\\/logo\\\/image\\\/\"}}]}<\/script>\n<!-- \/ Yoast SEO plugin. -->","yoast_head_json":{"title":"Trauer: Das hilft bei der Trauerbew\u00e4ltigung \u2013 rauhes.de","description":"Ein geliebter Mensch ist von Ihnen gegangen? Warum trauern wir und wie verl\u00e4uft die Trauer? Lesen Sie hier alles zur Trauerbew\u00e4ltigung.","robots":{"index":"index","follow":"follow","max-snippet":"max-snippet:-1","max-image-preview":"max-image-preview:large","max-video-preview":"max-video-preview:-1"},"canonical":"https:\/\/www.rauhes.de\/cms\/trauer\/","og_locale":"de_DE","og_type":"article","og_title":"Trauer: Das hilft bei der Trauerbew\u00e4ltigung \u2013 rauhes.de","og_description":"Ein geliebter Mensch ist von Ihnen gegangen? Warum trauern wir und wie verl\u00e4uft die Trauer? Lesen Sie hier alles zur Trauerbew\u00e4ltigung.","og_url":"https:\/\/www.rauhes.de\/cms\/trauer\/","og_site_name":"Infos zu feierlichen Anl\u00e4ssen wie Taufe, Konfirmation, Hochzeit &amp; Trauer","article_modified_time":"2023-11-16T08:08:59+00:00","og_image":[{"url":"https:\/\/www.rauhes.de\/cms\/wp-content\/uploads\/2023\/08\/zuneigung-trauerbewaeltigung-1024x683.jpg","type":"","width":"","height":""}],"twitter_card":"summary_large_image","twitter_misc":{"Gesch\u00e4tzte Lesezeit":"7\u00a0Minuten"},"schema":{"@context":"https:\/\/schema.org","@graph":[{"@type":"WebPage","@id":"https:\/\/www.rauhes.de\/cms\/trauer\/","url":"https:\/\/www.rauhes.de\/cms\/trauer\/","name":"Trauer: Das hilft bei der Trauerbew\u00e4ltigung \u2013 rauhes.de","isPartOf":{"@id":"https:\/\/www.rauhes.de\/cms\/#website"},"primaryImageOfPage":{"@id":"https:\/\/www.rauhes.de\/cms\/trauer\/#primaryimage"},"image":{"@id":"https:\/\/www.rauhes.de\/cms\/trauer\/#primaryimage"},"thumbnailUrl":"https:\/\/www.rauhes.de\/cms\/wp-content\/uploads\/2023\/08\/zuneigung-trauerbewaeltigung-1024x683.jpg","datePublished":"2021-10-08T08:03:22+00:00","dateModified":"2023-11-16T08:08:59+00:00","description":"Ein geliebter Mensch ist von Ihnen gegangen? Warum trauern wir und wie verl\u00e4uft die Trauer? Lesen Sie hier alles zur Trauerbew\u00e4ltigung.","breadcrumb":{"@id":"https:\/\/www.rauhes.de\/cms\/trauer\/#breadcrumb"},"inLanguage":"de","potentialAction":[{"@type":"ReadAction","target":["https:\/\/www.rauhes.de\/cms\/trauer\/"]}]},{"@type":"ImageObject","inLanguage":"de","@id":"https:\/\/www.rauhes.de\/cms\/trauer\/#primaryimage","url":"https:\/\/www.rauhes.de\/cms\/wp-content\/uploads\/2023\/08\/zuneigung-trauerbewaeltigung.jpg","contentUrl":"https:\/\/www.rauhes.de\/cms\/wp-content\/uploads\/2023\/08\/zuneigung-trauerbewaeltigung.jpg","width":1300,"height":867},{"@type":"BreadcrumbList","@id":"https:\/\/www.rauhes.de\/cms\/trauer\/#breadcrumb","itemListElement":[{"@type":"ListItem","position":1,"name":"Startseite","item":"https:\/\/www.rauhes.de\/cms\/"},{"@type":"ListItem","position":2,"name":"Lebenskreis","item":"https:\/\/www.rauhes.de\/cms\/lebenskreis\/"},{"@type":"ListItem","position":3,"name":"Trauer"}]},{"@type":"WebSite","@id":"https:\/\/www.rauhes.de\/cms\/#website","url":"https:\/\/www.rauhes.de\/cms\/","name":"Infos zu feierlichen Anl\u00e4ssen wie Taufe, Konfirmation, Hochzeit &amp; Trauer","description":"","publisher":{"@id":"https:\/\/www.rauhes.de\/cms\/#organization"},"potentialAction":[{"@type":"SearchAction","target":{"@type":"EntryPoint","urlTemplate":"https:\/\/www.rauhes.de\/cms\/?s={search_term_string}"},"query-input":{"@type":"PropertyValueSpecification","valueRequired":true,"valueName":"search_term_string"}}],"inLanguage":"de"},{"@type":"Organization","@id":"https:\/\/www.rauhes.de\/cms\/#organization","name":"rauhes.de","url":"https:\/\/www.rauhes.de\/cms\/","logo":{"@type":"ImageObject","inLanguage":"de","@id":"https:\/\/www.rauhes.de\/cms\/#\/schema\/logo\/image\/","url":"https:\/\/www.rauhes.de\/cms\/wp-content\/uploads\/2021\/10\/2x_neu-2.png","contentUrl":"https:\/\/www.rauhes.de\/cms\/wp-content\/uploads\/2021\/10\/2x_neu-2.png","width":300,"height":85,"caption":"rauhes.de"},"image":{"@id":"https:\/\/www.rauhes.de\/cms\/#\/schema\/logo\/image\/"}}]}},"_links":{"self":[{"href":"https:\/\/www.rauhes.de\/cms\/wp-json\/wp\/v2\/pages\/498","targetHints":{"allow":["GET"]}}],"collection":[{"href":"https:\/\/www.rauhes.de\/cms\/wp-json\/wp\/v2\/pages"}],"about":[{"href":"https:\/\/www.rauhes.de\/cms\/wp-json\/wp\/v2\/types\/page"}],"author":[{"embeddable":true,"href":"https:\/\/www.rauhes.de\/cms\/wp-json\/wp\/v2\/users\/1"}],"replies":[{"embeddable":true,"href":"https:\/\/www.rauhes.de\/cms\/wp-json\/wp\/v2\/comments?post=498"}],"version-history":[{"count":35,"href":"https:\/\/www.rauhes.de\/cms\/wp-json\/wp\/v2\/pages\/498\/revisions"}],"predecessor-version":[{"id":112261,"href":"https:\/\/www.rauhes.de\/cms\/wp-json\/wp\/v2\/pages\/498\/revisions\/112261"}],"up":[{"embeddable":true,"href":"https:\/\/www.rauhes.de\/cms\/wp-json\/wp\/v2\/pages\/23892"}],"wp:attachment":[{"href":"https:\/\/www.rauhes.de\/cms\/wp-json\/wp\/v2\/media?parent=498"}],"curies":[{"name":"wp","href":"https:\/\/api.w.org\/{rel}","templated":true}]}}