{"id":367,"date":"2021-10-07T15:25:44","date_gmt":"2021-10-07T13:25:44","guid":{"rendered":"https:\/\/www.rauhes.de\/cms\/?page_id=367"},"modified":"2022-09-29T17:30:33","modified_gmt":"2022-09-29T15:30:33","slug":"advent","status":"publish","type":"page","link":"https:\/\/www.rauhes.de\/cms\/advent\/","title":{"rendered":"Advent"},"content":{"rendered":"\n<h1 class=\"wp-block-heading\">Advent &amp; Vorweihnachtszeit<\/h1>\n\n\n\n<p><em>Die Adventszeit startet mit dem ersten Advent und endet an Heiligabend. Doch wann ist der erste Advent? Je nach Kalenderjahr ist das Datum unterschiedlich, aber er f\u00e4llt immer auf den Sonntag zwischen dem 27. November und 3. Dezember.<\/em><\/p>\n\n\n\n<div style=\"height:5px\" aria-hidden=\"true\" class=\"wp-block-spacer\"><\/div>\n\n\n\n<h2 class=\"wp-block-heading\">Wissenswertes rund um die Adventszeit<\/h2>\n\n\n\n<div class=\"wp-block-columns is-layout-flex wp-container-core-columns-is-layout-9d6595d7 wp-block-columns-is-layout-flex\">\n<div class=\"wp-block-column is-layout-flow wp-block-column-is-layout-flow\">\n<figure class=\"wp-block-image size-full\"><img decoding=\"async\" width=\"300\" height=\"200\" src=\"https:\/\/www.rauhes.de\/cms\/wp-content\/uploads\/2022\/09\/adventskranz-rot-weiss.jpg\" alt=\"Adventskranz mit brennenden Kerzen\" class=\"wp-image-24625\"\/><\/figure>\n\n\n\n<div class=\"tb-button\" data-toolset-blocks-button=\"e74416d72d9c0a0cad920b28266d90c5\"><a class=\"tb-button__link\" href=\"https:\/\/www.rauhes.de\/cms\/jahreskreis\/advent\/adventskranz\/\"><i class=\"tb-button__icon\"><\/i><span class=\"tb-button__content\">Adventskranz<\/span><\/a><\/div>\n<\/div>\n\n\n\n<div class=\"wp-block-column is-layout-flow wp-block-column-is-layout-flow\">\n<figure class=\"wp-block-image size-full\"><img decoding=\"async\" width=\"300\" height=\"200\" src=\"https:\/\/www.rauhes.de\/cms\/wp-content\/uploads\/2022\/09\/licht-im-advent.jpg\" alt=\"Licht im Advent\" class=\"wp-image-24624\"\/><\/figure>\n\n\n\n<div class=\"tb-button\" data-toolset-blocks-button=\"14caba6b5fb36d566c7a0db5d9decccc\"><a class=\"tb-button__link\" href=\"https:\/\/www.rauhes.de\/cms\/licht-in-der-adventszeit\/\"><i class=\"tb-button__icon\"><\/i><span class=\"tb-button__content\">Licht im Advent<\/span><\/a><\/div>\n<\/div>\n\n\n\n<div class=\"wp-block-column is-layout-flow wp-block-column-is-layout-flow\">\n<figure class=\"wp-block-image size-full\"><img decoding=\"async\" width=\"300\" height=\"200\" src=\"https:\/\/www.rauhes.de\/cms\/wp-content\/uploads\/2022\/09\/kugeln-lichter.jpg\" alt=\"Weihnachtsdekoration\" class=\"wp-image-24656\"\/><\/figure>\n\n\n\n<div class=\"tb-button\" data-toolset-blocks-button=\"e7559f204174f1390f7d8d2acf3ae005\"><a class=\"tb-button__link\" href=\"https:\/\/www.rauhes.de\/cms\/jahreskreis\/advent\/adventsbraeuche\/\"><i class=\"tb-button__icon\"><\/i><span class=\"tb-button__content\">Adventsbr\u00e4uche<\/span><\/a><\/div>\n<\/div>\n<\/div>\n\n\n\n<h2 class=\"wp-block-heading\">Advent: Fragen &amp; Antworten<\/h2>\n\n\n\n<h3 class=\"wp-block-heading\">Warum feiern wir den Advent?<\/h3>\n\n\n\n<p>Das Wort \u201eAdvent\u201c bedeutet \u201eAnkunft\u201c und kommt von dem lateinischen Begriff <em>adventus<\/em>. Die Adventszeit ist die Zeit des Wartens und der Vorfreude. Christen nutzen sie, um sich auf <a href=\"https:\/\/www.rauhes.de\/cms\/weihnachten\/\">Weihnachten<\/a>, das Fest der Geburt Jesu, einzustimmen.<\/p>\n\n\n\n<p>Doch Christen blicken im Advent nicht nur zur\u00fcck und feiern, dass Gott vor 2000 Jahren Mensch geworden ist. Sie blicken auch in die Zukunft und erinnern sich an die Verhei\u00dfung der Bibel, dass Jesus Christus wiederkommen und Gottes Reich vollenden wird. Der Sinn und die Bedeutung der Adventszeit liegen also in der geistlichen Vorbereitung auf das Kommen des Sohnes Gottes. Christen machen ihre Herzen weit, sie richten sich wieder neu auf das Erwarten des Messias aus. Damit bereiten sie sich innerlich auf das Kommen Christi vor, das war und wieder sein wird.<\/p>\n\n\n\n<div class=\"wp-block-columns is-layout-flex wp-container-core-columns-is-layout-9d6595d7 wp-block-columns-is-layout-flex\">\n<div class=\"wp-block-column is-layout-flow wp-block-column-is-layout-flow\">\n<h3 class=\"wp-block-heading\">Wie ist die Adventszeit entstanden?<\/h3>\n\n\n\n<p>Nicht immer war der Advent vier Wochen lang. Urspr\u00fcnglich war die Adventzeit eine Zeit des Fastens und der Bu\u00dfe. Sie dauerte vom Martinstag am 11. November bis zum damaligen Termin des Weihnachtsfestes am 6. Januar, dem Fest der Erscheinung des Herrn. In dieser Zeit durfte weder getanzt, noch gefeiert werden. In orthodoxen Ostkirchen sowie in der Erzdi\u00f6zese Mailand dauert die Adventszeit sogar noch heute sechs Wochen.<\/p>\n\n\n\n<p>Es wird angenommen, dass die Entstehung der Adventszeit, wie wir sie heute kennen, auf das 4. Jahrhundert zur\u00fcckgeht. Papst Gregor (540 \u2013 604) setzte w\u00e4hrend seiner Amtszeit erstmals die Zahl der Adventssonntage auf vier fest. Die vier Wochen stehen dabei symbolisch f\u00fcr die 4.000 Jahre, die die Menschheit nach kirchlicher Rechnung auf die Ankunft des Erl\u00f6sers warten musste. <\/p>\n<\/div>\n\n\n\n<div class=\"wp-block-column is-layout-flow wp-block-column-is-layout-flow\">\n<figure class=\"wp-block-image size-full\"><img decoding=\"async\" width=\"550\" height=\"365\" src=\"https:\/\/www.rauhes.de\/cms\/wp-content\/uploads\/2022\/09\/advent-stern.jpg\" alt=\"Herrenhuther Stern im Advent\" class=\"wp-image-24623\" srcset=\"https:\/\/www.rauhes.de\/cms\/wp-content\/uploads\/2022\/09\/advent-stern.jpg 550w, https:\/\/www.rauhes.de\/cms\/wp-content\/uploads\/2022\/09\/advent-stern-300x199.jpg 300w\" sizes=\"(max-width: 550px) 100vw, 550px\" \/><figcaption>\u00a9 Kurt F. Domnik\/Pixelio.de<\/figcaption><\/figure>\n<\/div>\n<\/div>\n\n\n\n<h3 class=\"wp-block-heading\">Welche Bedeutung haben die vier Adventssonntage?<\/h3>\n\n\n\n<div class=\"wp-block-columns is-layout-flex wp-container-core-columns-is-layout-9d6595d7 wp-block-columns-is-layout-flex\">\n<div class=\"wp-block-column is-layout-flow wp-block-column-is-layout-flow\">\n<p>Jedes Kind kennt den Reim \u201eAdvent, Advent, ein Lichtlein brennt&#8230;\u201c, das sich auf den Adventskranz bezieht. Doch was steckt hinter den vier Adventssonntagen?<\/p>\n\n\n\n<h4 class=\"wp-block-heading\">Der erste Advent<\/h4>\n\n\n\n<p>Mit dem ersten Adventssonntag beginnt das neue <a href=\"https:\/\/www.rauhes.de\/cms\/jahreskreis\/\">Kirchenjahr<\/a>. Evangelische Christen bereiten sich auf die Ankunft Jesu vor und gedenken an seinen Einzug in Jerusalem (vgl. Matth\u00e4us 21,1-11). In der evangelischen Kirche steht der erste Advent folglich unter dem Zeichen der freudigen Erwartung des Herrn. <\/p>\n\n\n\n<p>Auch in der katholischen Kirche wird der Wiederkunft des Herrn gedacht. Sie richtet sich am ersten Adventssonntag zudem an Psalm 25,1 aus: \u201eZu dir erhebe ich meine Seele\u201c. K\u00f6nig David ist der Verfasser. In dem Psalm wendet er sich Gott zu. Er dr\u00fcckt ihm gegen\u00fcber sein Vertrauen aus und bittet ihn zugleich um Leitung und Vergebung. Dieser Herzenshaltung folgen die katholischen Gl\u00e4ubigen am ersten Advent.<\/p>\n\n\n\n<h4 class=\"wp-block-heading\">Der zweite Advent<\/h4>\n\n\n\n<p>Am zweiten Adventssonntag steht die Hoffnung auf die Wiederkunft Christi im Fokus. Sowohl die evangelische, als auch die katholische Kirche legen den Schwerpunkt an diesem Sonntag auf die Erl\u00f6sung und Rettung durch den Messias. Die katholischen Christen nehmen zudem bereits Johannes den T\u00e4ufer und sein Wirken in den Blick. Wie kein anderer gilt der T\u00e4ufer als Wegbereiter Jesu Christi.<\/p>\n<\/div>\n\n\n\n<div class=\"wp-block-column is-layout-flow wp-block-column-is-layout-flow\">\n<h4 class=\"wp-block-heading\">Der dritte Advent &amp; Gaudete Sonntag<\/h4>\n\n\n\n<p>Erst am dritten Adventssonntag r\u00fcckt Johannes der T\u00e4ufer auch bei den evangelischen Christen in den Fokus. Es gilt, all jene Dinge im eigenen Leben wegzur\u00e4umen, die verhindern zu Gott zu kommen. Darauf stimmen die evangelischen Gl\u00e4ubigen sich an diesem Sonntag ein. <\/p>\n\n\n\n<p>Die katholische Kirche begeht am dritten Adventssonntag \u201eGaudete\u201c. Der Name geht zur\u00fcck auf \u201eGaudete in Domino semper\u201c, eine Bibelstelle aus dem Brief des Apostels Paulus an die Gemeinde in Philippi. Ins Deutsche \u00fcbersetzt bedeutet dieser Vers: \u201eFreut euch im Herrn allezeit\u201c (Philipper 4,4). Die Freude \u00fcber Jesus Christus soll an diesem Sonntag, neben Lesungen zu Johannes dem T\u00e4ufer, im Zentrum stehen.<\/p>\n\n\n\n<h4 class=\"wp-block-heading\">Der vierte Advent<\/h4>\n\n\n\n<p>Am vierten Adventssonntag erinnern evangelische wie katholische Christen sich an die Ank\u00fcndigung der Geburt Jesu durch den Engel Gabriel bei Maria. Sie setzen den Fokus auf die Freude der schwangeren Maria, die Gott ein Loblied singt, w\u00e4hrend sie bei der ebenfalls schwangeren Elisabeth zu Besuch ist. Wenn Gott in unsere Welt kommt, wird es hell und Ungerechtigkeit muss weichen. Das wird am vierten Advent gefeiert. In der katholischen Kirche werden als Lesungen im Wechsel auch die Verk\u00fcndigung an Josef oder weiterhin das Wirken Johannes des T\u00e4ufers ausgew\u00e4hlt.<a name=\"wo-wird-advent-gefeiert\"><\/a><\/p>\n<\/div>\n<\/div>\n\n\n\n<p><em>Eine besinnliche Adventszeit und ein gesegnetes Weihnachtsfest w\u00fcnscht Ihnen Ihr Team von rauhes.de.<\/em><\/p>\n","protected":false},"excerpt":{"rendered":"<p>Advent &amp; Vorweihnachtszeit Die Adventszeit startet mit dem ersten Advent und endet an Heiligabend. Doch wann ist der erste Advent? Je nach Kalenderjahr ist das Datum unterschiedlich, aber er f\u00e4llt immer auf den Sonntag zwischen dem 27. November und 3. Dezember. Wissenswertes rund um die Adventszeit Advent: Fragen &amp; Antworten Warum feiern wir den Advent? [&hellip;]<\/p>\n","protected":false},"author":1,"featured_media":0,"parent":23889,"menu_order":0,"comment_status":"closed","ping_status":"closed","template":"","meta":{"ngg_post_thumbnail":0,"footnotes":""},"class_list":["post-367","page","type-page","status-publish","hentry"],"yoast_head":"<!-- This site is optimized with the Yoast SEO plugin v27.5 - https:\/\/yoast.com\/product\/yoast-seo-wordpress\/ -->\n<title>Advent: Ursprung, Br\u00e4uche und Bedeutung \u2013 rauhes.de<\/title>\n<meta name=\"description\" content=\"Warum feiern wir Advent? Wie ist die Adventszeit entstanden? Erfahren Sie hier Wissenswertes rund um die Vorweihnachtszeit!\" \/>\n<meta name=\"robots\" content=\"index, follow, max-snippet:-1, max-image-preview:large, max-video-preview:-1\" \/>\n<link rel=\"canonical\" href=\"https:\/\/www.rauhes.de\/cms\/advent\/\" \/>\n<meta property=\"og:locale\" content=\"de_DE\" \/>\n<meta property=\"og:type\" content=\"article\" \/>\n<meta property=\"og:title\" content=\"Advent: Ursprung, Br\u00e4uche und Bedeutung \u2013 rauhes.de\" \/>\n<meta property=\"og:description\" content=\"Warum feiern wir Advent? Wie ist die Adventszeit entstanden? Erfahren Sie hier Wissenswertes rund um die Vorweihnachtszeit!\" \/>\n<meta property=\"og:url\" content=\"https:\/\/www.rauhes.de\/cms\/advent\/\" \/>\n<meta property=\"og:site_name\" content=\"Infos zu feierlichen Anl\u00e4ssen wie Taufe, Konfirmation, Hochzeit &amp; Trauer\" \/>\n<meta property=\"article:modified_time\" content=\"2022-09-29T15:30:33+00:00\" \/>\n<meta property=\"og:image\" content=\"https:\/\/www.rauhes.de\/cms\/wp-content\/uploads\/2022\/09\/adventskranz-rot-weiss.jpg\" \/>\n<meta name=\"twitter:card\" content=\"summary_large_image\" \/>\n<meta name=\"twitter:label1\" content=\"Gesch\u00e4tzte Lesezeit\" \/>\n\t<meta name=\"twitter:data1\" content=\"5\u00a0Minuten\" \/>\n<script type=\"application\/ld+json\" class=\"yoast-schema-graph\">{\"@context\":\"https:\\\/\\\/schema.org\",\"@graph\":[{\"@type\":\"WebPage\",\"@id\":\"https:\\\/\\\/www.rauhes.de\\\/cms\\\/advent\\\/\",\"url\":\"https:\\\/\\\/www.rauhes.de\\\/cms\\\/advent\\\/\",\"name\":\"Advent: Ursprung, Br\u00e4uche und Bedeutung \u2013 rauhes.de\",\"isPartOf\":{\"@id\":\"https:\\\/\\\/www.rauhes.de\\\/cms\\\/#website\"},\"primaryImageOfPage\":{\"@id\":\"https:\\\/\\\/www.rauhes.de\\\/cms\\\/advent\\\/#primaryimage\"},\"image\":{\"@id\":\"https:\\\/\\\/www.rauhes.de\\\/cms\\\/advent\\\/#primaryimage\"},\"thumbnailUrl\":\"https:\\\/\\\/www.rauhes.de\\\/cms\\\/wp-content\\\/uploads\\\/2022\\\/09\\\/adventskranz-rot-weiss.jpg\",\"datePublished\":\"2021-10-07T13:25:44+00:00\",\"dateModified\":\"2022-09-29T15:30:33+00:00\",\"description\":\"Warum feiern wir Advent? Wie ist die Adventszeit entstanden? Erfahren Sie hier Wissenswertes rund um die Vorweihnachtszeit!\",\"breadcrumb\":{\"@id\":\"https:\\\/\\\/www.rauhes.de\\\/cms\\\/advent\\\/#breadcrumb\"},\"inLanguage\":\"de\",\"potentialAction\":[{\"@type\":\"ReadAction\",\"target\":[\"https:\\\/\\\/www.rauhes.de\\\/cms\\\/advent\\\/\"]}]},{\"@type\":\"ImageObject\",\"inLanguage\":\"de\",\"@id\":\"https:\\\/\\\/www.rauhes.de\\\/cms\\\/advent\\\/#primaryimage\",\"url\":\"https:\\\/\\\/www.rauhes.de\\\/cms\\\/wp-content\\\/uploads\\\/2022\\\/09\\\/adventskranz-rot-weiss.jpg\",\"contentUrl\":\"https:\\\/\\\/www.rauhes.de\\\/cms\\\/wp-content\\\/uploads\\\/2022\\\/09\\\/adventskranz-rot-weiss.jpg\",\"width\":300,\"height\":200,\"caption\":\"Adventskranz mit brennenden Kerzen\"},{\"@type\":\"BreadcrumbList\",\"@id\":\"https:\\\/\\\/www.rauhes.de\\\/cms\\\/advent\\\/#breadcrumb\",\"itemListElement\":[{\"@type\":\"ListItem\",\"position\":1,\"name\":\"Startseite\",\"item\":\"https:\\\/\\\/www.rauhes.de\\\/cms\\\/\"},{\"@type\":\"ListItem\",\"position\":2,\"name\":\"Jahreskreis\",\"item\":\"https:\\\/\\\/www.rauhes.de\\\/cms\\\/jahreskreis\\\/\"},{\"@type\":\"ListItem\",\"position\":3,\"name\":\"Advent\"}]},{\"@type\":\"WebSite\",\"@id\":\"https:\\\/\\\/www.rauhes.de\\\/cms\\\/#website\",\"url\":\"https:\\\/\\\/www.rauhes.de\\\/cms\\\/\",\"name\":\"Infos zu feierlichen Anl\u00e4ssen wie Taufe, Konfirmation, Hochzeit &amp; Trauer\",\"description\":\"\",\"publisher\":{\"@id\":\"https:\\\/\\\/www.rauhes.de\\\/cms\\\/#organization\"},\"potentialAction\":[{\"@type\":\"SearchAction\",\"target\":{\"@type\":\"EntryPoint\",\"urlTemplate\":\"https:\\\/\\\/www.rauhes.de\\\/cms\\\/?s={search_term_string}\"},\"query-input\":{\"@type\":\"PropertyValueSpecification\",\"valueRequired\":true,\"valueName\":\"search_term_string\"}}],\"inLanguage\":\"de\"},{\"@type\":\"Organization\",\"@id\":\"https:\\\/\\\/www.rauhes.de\\\/cms\\\/#organization\",\"name\":\"rauhes.de\",\"url\":\"https:\\\/\\\/www.rauhes.de\\\/cms\\\/\",\"logo\":{\"@type\":\"ImageObject\",\"inLanguage\":\"de\",\"@id\":\"https:\\\/\\\/www.rauhes.de\\\/cms\\\/#\\\/schema\\\/logo\\\/image\\\/\",\"url\":\"https:\\\/\\\/www.rauhes.de\\\/cms\\\/wp-content\\\/uploads\\\/2021\\\/10\\\/2x_neu-2.png\",\"contentUrl\":\"https:\\\/\\\/www.rauhes.de\\\/cms\\\/wp-content\\\/uploads\\\/2021\\\/10\\\/2x_neu-2.png\",\"width\":300,\"height\":85,\"caption\":\"rauhes.de\"},\"image\":{\"@id\":\"https:\\\/\\\/www.rauhes.de\\\/cms\\\/#\\\/schema\\\/logo\\\/image\\\/\"}}]}<\/script>\n<!-- \/ Yoast SEO plugin. -->","yoast_head_json":{"title":"Advent: Ursprung, Br\u00e4uche und Bedeutung \u2013 rauhes.de","description":"Warum feiern wir Advent? Wie ist die Adventszeit entstanden? Erfahren Sie hier Wissenswertes rund um die Vorweihnachtszeit!","robots":{"index":"index","follow":"follow","max-snippet":"max-snippet:-1","max-image-preview":"max-image-preview:large","max-video-preview":"max-video-preview:-1"},"canonical":"https:\/\/www.rauhes.de\/cms\/advent\/","og_locale":"de_DE","og_type":"article","og_title":"Advent: Ursprung, Br\u00e4uche und Bedeutung \u2013 rauhes.de","og_description":"Warum feiern wir Advent? Wie ist die Adventszeit entstanden? Erfahren Sie hier Wissenswertes rund um die Vorweihnachtszeit!","og_url":"https:\/\/www.rauhes.de\/cms\/advent\/","og_site_name":"Infos zu feierlichen Anl\u00e4ssen wie Taufe, Konfirmation, Hochzeit &amp; Trauer","article_modified_time":"2022-09-29T15:30:33+00:00","og_image":[{"url":"https:\/\/www.rauhes.de\/cms\/wp-content\/uploads\/2022\/09\/adventskranz-rot-weiss.jpg","type":"","width":"","height":""}],"twitter_card":"summary_large_image","twitter_misc":{"Gesch\u00e4tzte Lesezeit":"5\u00a0Minuten"},"schema":{"@context":"https:\/\/schema.org","@graph":[{"@type":"WebPage","@id":"https:\/\/www.rauhes.de\/cms\/advent\/","url":"https:\/\/www.rauhes.de\/cms\/advent\/","name":"Advent: Ursprung, Br\u00e4uche und Bedeutung \u2013 rauhes.de","isPartOf":{"@id":"https:\/\/www.rauhes.de\/cms\/#website"},"primaryImageOfPage":{"@id":"https:\/\/www.rauhes.de\/cms\/advent\/#primaryimage"},"image":{"@id":"https:\/\/www.rauhes.de\/cms\/advent\/#primaryimage"},"thumbnailUrl":"https:\/\/www.rauhes.de\/cms\/wp-content\/uploads\/2022\/09\/adventskranz-rot-weiss.jpg","datePublished":"2021-10-07T13:25:44+00:00","dateModified":"2022-09-29T15:30:33+00:00","description":"Warum feiern wir Advent? Wie ist die Adventszeit entstanden? Erfahren Sie hier Wissenswertes rund um die Vorweihnachtszeit!","breadcrumb":{"@id":"https:\/\/www.rauhes.de\/cms\/advent\/#breadcrumb"},"inLanguage":"de","potentialAction":[{"@type":"ReadAction","target":["https:\/\/www.rauhes.de\/cms\/advent\/"]}]},{"@type":"ImageObject","inLanguage":"de","@id":"https:\/\/www.rauhes.de\/cms\/advent\/#primaryimage","url":"https:\/\/www.rauhes.de\/cms\/wp-content\/uploads\/2022\/09\/adventskranz-rot-weiss.jpg","contentUrl":"https:\/\/www.rauhes.de\/cms\/wp-content\/uploads\/2022\/09\/adventskranz-rot-weiss.jpg","width":300,"height":200,"caption":"Adventskranz mit brennenden Kerzen"},{"@type":"BreadcrumbList","@id":"https:\/\/www.rauhes.de\/cms\/advent\/#breadcrumb","itemListElement":[{"@type":"ListItem","position":1,"name":"Startseite","item":"https:\/\/www.rauhes.de\/cms\/"},{"@type":"ListItem","position":2,"name":"Jahreskreis","item":"https:\/\/www.rauhes.de\/cms\/jahreskreis\/"},{"@type":"ListItem","position":3,"name":"Advent"}]},{"@type":"WebSite","@id":"https:\/\/www.rauhes.de\/cms\/#website","url":"https:\/\/www.rauhes.de\/cms\/","name":"Infos zu feierlichen Anl\u00e4ssen wie Taufe, Konfirmation, Hochzeit &amp; Trauer","description":"","publisher":{"@id":"https:\/\/www.rauhes.de\/cms\/#organization"},"potentialAction":[{"@type":"SearchAction","target":{"@type":"EntryPoint","urlTemplate":"https:\/\/www.rauhes.de\/cms\/?s={search_term_string}"},"query-input":{"@type":"PropertyValueSpecification","valueRequired":true,"valueName":"search_term_string"}}],"inLanguage":"de"},{"@type":"Organization","@id":"https:\/\/www.rauhes.de\/cms\/#organization","name":"rauhes.de","url":"https:\/\/www.rauhes.de\/cms\/","logo":{"@type":"ImageObject","inLanguage":"de","@id":"https:\/\/www.rauhes.de\/cms\/#\/schema\/logo\/image\/","url":"https:\/\/www.rauhes.de\/cms\/wp-content\/uploads\/2021\/10\/2x_neu-2.png","contentUrl":"https:\/\/www.rauhes.de\/cms\/wp-content\/uploads\/2021\/10\/2x_neu-2.png","width":300,"height":85,"caption":"rauhes.de"},"image":{"@id":"https:\/\/www.rauhes.de\/cms\/#\/schema\/logo\/image\/"}}]}},"_links":{"self":[{"href":"https:\/\/www.rauhes.de\/cms\/wp-json\/wp\/v2\/pages\/367","targetHints":{"allow":["GET"]}}],"collection":[{"href":"https:\/\/www.rauhes.de\/cms\/wp-json\/wp\/v2\/pages"}],"about":[{"href":"https:\/\/www.rauhes.de\/cms\/wp-json\/wp\/v2\/types\/page"}],"author":[{"embeddable":true,"href":"https:\/\/www.rauhes.de\/cms\/wp-json\/wp\/v2\/users\/1"}],"replies":[{"embeddable":true,"href":"https:\/\/www.rauhes.de\/cms\/wp-json\/wp\/v2\/comments?post=367"}],"version-history":[{"count":17,"href":"https:\/\/www.rauhes.de\/cms\/wp-json\/wp\/v2\/pages\/367\/revisions"}],"predecessor-version":[{"id":56790,"href":"https:\/\/www.rauhes.de\/cms\/wp-json\/wp\/v2\/pages\/367\/revisions\/56790"}],"up":[{"embeddable":true,"href":"https:\/\/www.rauhes.de\/cms\/wp-json\/wp\/v2\/pages\/23889"}],"wp:attachment":[{"href":"https:\/\/www.rauhes.de\/cms\/wp-json\/wp\/v2\/media?parent=367"}],"curies":[{"name":"wp","href":"https:\/\/api.w.org\/{rel}","templated":true}]}}